{"id":92,"date":"2025-10-29T18:41:06","date_gmt":"2025-10-29T17:41:06","guid":{"rendered":"https:\/\/skyplan.hu\/?page_id=92"},"modified":"2025-11-11T10:32:12","modified_gmt":"2025-11-11T09:32:12","slug":"adatkezeles","status":"publish","type":"page","link":"https:\/\/skyplan.hu\/en\/adatkezeles\/","title":{"rendered":"Data Protection Notice"},"content":{"rendered":"<div class=\"wp-block-nk-awb nk-awb alignfull has-000000-background-color has-background\"><div class=\"nk-awb-wrap\" style=\"background:#000000\" data-awb-type=\"video\" data-awb-video=\"mp4:https:\/\/skyplan.hu\/wp-content\/uploads\/2025\/10\/hero_bg.mp4\" data-awb-video-mobile=\"true\" data-awb-parallax=\"scroll\" data-awb-parallax-speed=\"0.5\" data-awb-parallax-mobile=\"false\" data-awb-image-background-size=\"cover\" data-awb-image-background-position=\"50% 50%\"><div class=\"nk-awb-inner\" style=\"opacity: 0.5;\"><img loading=\"lazy\" decoding=\"async\" src=\"https:\/\/skyplan.hu\/wp-content\/uploads\/2025\/11\/hero_bg-0001.png\" class=\"wp-image-154 jarallax-img\" width=\"1920\" height=\"1080\" srcset=\"https:\/\/skyplan.hu\/wp-content\/uploads\/2025\/11\/hero_bg-0001.png 1920w, https:\/\/skyplan.hu\/wp-content\/uploads\/2025\/11\/hero_bg-0001-300x169.png 300w, https:\/\/skyplan.hu\/wp-content\/uploads\/2025\/11\/hero_bg-0001-1024x576.png 1024w, https:\/\/skyplan.hu\/wp-content\/uploads\/2025\/11\/hero_bg-0001-768x432.png 768w, https:\/\/skyplan.hu\/wp-content\/uploads\/2025\/11\/hero_bg-0001-1536x864.png 1536w, https:\/\/skyplan.hu\/wp-content\/uploads\/2025\/11\/hero_bg-0001-18x10.png 18w, https:\/\/skyplan.hu\/wp-content\/uploads\/2025\/11\/hero_bg-0001-500x281.png 500w, https:\/\/skyplan.hu\/wp-content\/uploads\/2025\/11\/hero_bg-0001-800x450.png 800w, https:\/\/skyplan.hu\/wp-content\/uploads\/2025\/11\/hero_bg-0001-1280x720.png 1280w\" sizes=\"auto, (max-width: 1920px) 100vw, 1920px\" \/><\/div><\/div><div class=\"nk-awb-wrap-content is-layout-flow wp-block-nk-awb-is-layout-flow\">\n<h2 class=\"wp-block-heading has-text-align-center has-anti-flash-white-color has-text-color has-link-color wp-elements-741bbcba4e392b9e0b09c78670d7ce58\" style=\"padding-top:var(--wp--preset--spacing--massive);padding-bottom:var(--wp--preset--spacing--massive)\">Data Protection Notice<\/h2>\n\n\n\n<p><\/p>\n<\/div><\/div>\n\n\n\n<p class=\"has-small-font-size\">A&nbsp;Nagy Krisztina egy\u00e9ni v\u00e1llalkoz\u00f3<strong>&nbsp;<\/strong>(sz\u00e9khely: 4251 Hajd\u00fas\u00e1mson, Sz\u0171cs utca 88 1a.; nyilv\u00e1ntart\u00e1si sz\u00e1m: 60770819; e-mail c\u00edm: nagykrisztina@protonmail.com, skyplan.hu@gmail.com; telefonsz\u00e1m: +36 70&nbsp;369 4155)&nbsp;2025. okt\u00f3ber 29. napj\u00e1t\u00f3l kezd\u0151d\u0151en&nbsp;a jelen adatkezel\u00e9si t\u00e1j\u00e9koztat\u00f3ban foglalt rendelkez\u00e9sek szerint kezeli az \u00d6n nev\u00e9t \u00e9s e-mail c\u00edm\u00e9t, amelyeket \u00d6n a https:\/\/skyplan.hu&nbsp;honlapon a kapcsolati \u0171rlap kit\u00f6lt\u00e9se sor\u00e1n adott meg.<\/p>\n\n\n\n<ol start=\"1\" class=\"wp-block-list\">\n<li class=\"has-small-font-size\"><strong>Az adatkezel\u0151 \u00e9s az adatkezel\u00e9sre jogosult szem\u00e9lyek, adatv\u00e9delmi tisztvisel\u0151<\/strong><\/li>\n<\/ol>\n\n\n\n<p class=\"has-small-font-size\">A kapcsolati \u0171rlap kit\u00f6lt\u00e9se sor\u00e1n megadott e-mail c\u00edm kezel\u00e9s\u00e9re Nagy Krisztina egy\u00e9ni v\u00e1llalkoz\u00f3<strong>&nbsp;<\/strong>(sz\u00e9khely: 4251 Hajd\u00fas\u00e1mson, Sz\u0171cs utca 88 1a.; nyilv\u00e1ntart\u00e1si sz\u00e1m: 60770819; e-mail c\u00edm: nagykrisztina@protonmail.com, skyplan.hu@gmail.com; telefonsz\u00e1m: +36 70&nbsp;369 4155)&nbsp; jogosult. Az \u00d6n \u00e1ltal megadott e-mail c\u00edmhez a k\u00f6vetkez\u0151 poz\u00edci\u00f3t bet\u00f6lt\u0151 szem\u00e9lyek jogosultak hozz\u00e1f\u00e9rni: Nagy Krisztina. Adatv\u00e9delmi tisztvisel\u0151t nem nevezett ki.<\/p>\n\n\n\n<ol start=\"2\" class=\"wp-block-list\">\n<li class=\"has-small-font-size\"><strong>Az adatkezel\u00e9s c\u00e9lja \u00e9s jogalapja <\/strong>A kapcsolati \u0171rlap kit\u00f6lt\u00e9se sor\u00e1n megadott e-mail c\u00edmet a felhaszn\u00e1l\u00f3 \u00e1ltal konkr\u00e9tan k\u00e9rt inform\u00e1ci\u00f3k megk\u00fcld\u00e9se c\u00e9lj\u00e1b\u00f3l kezelj\u00fck. Az adatkezel\u00e9s jogalapja az \u00d6n hozz\u00e1j\u00e1rul\u00e1sa, amelyet a kapcsolatfelv\u00e9teli \u0171rlapon ad meg azzal, hogy az e-mail c\u00edm\u00e9nek megad\u00e1s\u00e1t k\u00f6vet\u0151en az \u201e<em>Elk\u00fcld\u00f6m \u00e9s elfogadom a vonatkoz\u00f3 adatkezel\u00e9si t\u00e1j\u00e9koztat\u00f3t<\/em>\u201d kijelent\u00e9st megel\u0151z\u0151 n\u00e9gyzetet bejel\u00f6li. A kapcsolati \u0171rlap kit\u00f6lt\u00e9se sor\u00e1n megadott e-mail c\u00edm szolg\u00e1ltat\u00e1sa nem jogszab\u00e1lyon vagy szerz\u0151d\u00e9ses k\u00f6telezetts\u00e9gen alapul, nem el\u0151felt\u00e9tele szerz\u0151d\u00e9s megk\u00f6t\u00e9s\u00e9nek, tov\u00e1bb\u00e1 nem k\u00f6teles az e-mail c\u00edm\u00e9t megadni. A kapcsolatfelv\u00e9teli \u0171rlapon megadott e-mail c\u00edmeket h\u00edrlev\u00e9lk\u00fcld\u00e9sre nem haszn\u00e1ljuk, k\u00fcl\u00f6n is kezelj\u00fck.<\/li>\n\n\n\n<li class=\"has-small-font-size\"><strong>Szem\u00e9lyes adatok c\u00edmzettjei <\/strong>A kapcsolati \u0171rlap kit\u00f6lt\u00e9se c\u00e9lj\u00e1b\u00f3l megadott e-mail c\u00edm\u00e9t<\/li>\n\n\n\n<li class=\"has-small-font-size\">a honlap t\u00e1rhelyszolg\u00e1ltat\u00e1si feladatait ell\u00e1t\u00f3: <em>Websupport Magyarorsz\u00e1g Kft.<\/em><br><em>levelez\u00e9si c\u00edme: (1119 Budapest, Feh\u00e9rv\u00e1ri \u00fat 97-99., info@mhosting.hu, +36 1 700 2323,c\u00e9gjegyz\u00e9ksz\u00e1ma: 01-09-381419, &nbsp;ad\u00f3sz\u00e1ma: 25138205-2-43)<\/em><\/li>\n<\/ol>\n\n\n\n<ul class=\"wp-block-list has-small-font-size\">\n<li>Az online kapcsolati \u0171rlapot \u00fczemeltet\u0151 t\u00e1rsas\u00e1g maga a v\u00e1llalkoz\u00e1s<br>k\u00e9pviselet\u00e9ben vagy megb\u00edz\u00e1s\u00e1b\u00f3l elj\u00e1r\u00f3, illet\u0151leg alkalmaz\u00e1s\u00e1ban \u00e1ll\u00f3 szem\u00e9lyek ismerhetik meg.<\/li>\n<\/ul>\n\n\n\n<p class=\"has-small-font-size\">A kapcsolati \u0171rlapon megadott e-mail c\u00edm\u00e9t tov\u00e1bbi szem\u00e9ly r\u00e9sz\u00e9re nem tov\u00e1bb\u00edtjuk.<\/p>\n\n\n\n<ol start=\"4\" class=\"wp-block-list\">\n<li class=\"has-small-font-size\"><strong>Az adatkezel\u00e9s id\u0151tartama <\/strong>Az \u00d6n \u00e1ltal kapcsolatfelv\u00e9teli \u0171rlapon megadott e-mail c\u00edmeket \u00e9s szem\u00e9lyes adatokat a folyamat lez\u00e1r\u00e1s\u00e1nak id\u0151pontj\u00e1ig kezeli, az \u00fcgy lez\u00e1r\u00e1s\u00e1val az e-mail c\u00edmeket \u00e9s szem\u00e9lyes adatokat t\u00f6rli.<\/li>\n<\/ol>\n\n\n\n<ol start=\"5\" class=\"wp-block-list\">\n<li class=\"has-small-font-size\"><strong>Az adatkezel\u00e9si t\u00e1j\u00e9koztat\u00f3 m\u00f3dos\u00edt\u00e1sa<\/strong>\n<ul class=\"wp-block-list\">\n<li>Nagy Krisztina e.v. a jelen adatkezel\u00e9si t\u00e1j\u00e9koztat\u00f3t b\u00e1rmikor m\u00f3dos\u00edthatja. A m\u00f3dos\u00edtott adtakezel\u00e9si t\u00e1j\u00e9koztat\u00f3t akkor kell alkalmazni, amikor azt a Nagy Krisztina e.v. a honlapj\u00e1n nyilv\u00e1noss\u00e1gra hozza.<\/li>\n\n\n\n<li>Nagy Krisztina e.v. \u00d6nt az adatkezel\u00e9si t\u00e1j\u00e9koztat\u00f3 m\u00f3dos\u00edt\u00e1s\u00e1r\u00f3l a kapcsolati \u0171rlap kit\u00f6lt\u00e9se sor\u00e1n megadott e-mail c\u00edm\u00e9n \u00e9rtes\u00edti. Ha \u00d6n a m\u00f3dos\u00edtott adatkezel\u00e9si t\u00e1j\u00e9koztat\u00f3 tartalm\u00e1val nem \u00e9rt egyet, akkor a h\u00edrlev\u00e9lr\u0151l leiratkozhat \u00e9s a szem\u00e9lyes adatait Nagy Krisztina e.v. a h\u00edrlev\u00e9lk\u00fcld\u00e9ssel kapcsolatos adatb\u00e1zis\u00e1b\u00f3l t\u00f6rli.<\/li>\n<\/ul>\n<\/li>\n\n\n\n<li class=\"has-small-font-size\"><strong>Az \u00d6n adatkezel\u00e9ssel kapcsolatos jogai<\/strong>\n<ul class=\"wp-block-list\">\n<li class=\"has-small-font-size\">Hozz\u00e1f\u00e9r\u00e9shez val\u00f3 jog \u00d6nnek joga van arra, hogy visszajelz\u00e9st kapjon Nagy Krisztina e.v.-t\u0151l arra vonatkoz\u00f3an, hogy Nagy Krisztina e.v. kezeli-e a szem\u00e9lyes adatait. Ha Nagy Krisztina e.v. kezeli a szem\u00e9lyes adatait, akkor \u00d6n jogosult a k\u00f6vetkez\u0151 inform\u00e1ci\u00f3khoz hozz\u00e1f\u00e9rni: (i) az adatkezel\u00e9s c\u00e9ljai; (ii) az \u00e9rintett szem\u00e9lyes adatok kateg\u00f3ri\u00e1i; (iii) a kezelt szem\u00e9lyes adatok c\u00edmzettjei vagy j\u00f6v\u0151beli c\u00edmzettjei; (iv) a szem\u00e9lyes adatok t\u00e1rol\u00e1s\u00e1nak tervezett id\u0151tartama vagy az id\u0151tartam meghat\u00e1roz\u00e1s\u00e1nak szempontjai; (v) az \u00d6n szem\u00e9lyes adatok helyesb\u00edt\u00e9s\u00e9hez, t\u00f6rl\u00e9s\u00e9hez vagy kezel\u00e9s\u00e9nek korl\u00e1toz\u00e1s\u00e1hoz val\u00f3 joga, valamint az \u00d6n szem\u00e9lyes adatok kezel\u00e9se elleni tiltakoz\u00e1shoz val\u00f3 joga; (vi) a Nemzeti Adatv\u00e9delmi \u00e9s Inform\u00e1ci\u00f3szabads\u00e1g Hat\u00f3s\u00e1ghoz c\u00edmzett panasz beny\u00fajt\u00e1s\u00e1nak joga; (vii) a szem\u00e9lyes adatok forr\u00e1s\u00e1ra vonatkoz\u00f3 inform\u00e1ci\u00f3, ha a szem\u00e9lyes adatokat nem k\u00f6zvetlen\u00fcl \u00d6nt\u0151l gy\u0171jt\u00f6tt\u00e9k; illetve (viii) az automatiz\u00e1lt d\u00f6nt\u00e9shozatal t\u00e9nye, legal\u00e1bb az alkalmazott logik\u00e1ra \u00e9s arra vonatkoz\u00f3 \u00e9rthet\u0151 inform\u00e1ci\u00f3k, hogy a szem\u00e9lyes adatok kezel\u00e9se milyen jelent\u0151s\u00e9ggel b\u00edr \u00e9s \u00d6nre n\u00e9zve milyen v\u00e1rhat\u00f3 k\u00f6vetkezm\u00e9nyekkel j\u00e1r. Nagy Krisztina e.v. a kezelt szem\u00e9lyes adatai m\u00e1solat\u00e1t az \u00d6n rendelkez\u00e9s\u00e9re bocs\u00e1tja.<\/li>\n<\/ul>\n<\/li>\n<\/ol>\n\n\n\n<ul class=\"wp-block-list\">\n<li class=\"has-small-font-size\"><strong>Helyesb\u00edt\u00e9shez val\u00f3 jog <\/strong>\u00d6n jogosult Nagy Krisztina e.v.-t\u0151l k\u00e9rni, hogy indokolatlan k\u00e9sedelem n\u00e9lk\u00fcl helyesb\u00edtse az \u00d6n pontatlan szem\u00e9lyes adatait vagy eg\u00e9sz\u00edtse ki az \u00d6n hi\u00e1nyos szem\u00e9lyes adatait.<\/li>\n\n\n\n<li class=\"has-small-font-size\"><strong>T\u00f6rl\u00e9shez val\u00f3 jog<\/strong><br>Nagy Krisztina e.v. az \u00d6n k\u00e9r\u00e9s\u00e9re indokolatlan k\u00e9sedelem n\u00e9lk\u00fcl t\u00f6rli az \u00d6n szem\u00e9lyes adatait. Egy\u00e9b esetekben Nagy Krisztina e.v. indokolatlan k\u00e9sedelem n\u00e9lk\u00fcl t\u00f6rli az \u00d6n szem\u00e9lyes adatait, ha (i) Nagy Krisztina e.v.-nek nincs sz\u00fcks\u00e9ge a szem\u00e9lyes adatokra abb\u00f3l a c\u00e9lb\u00f3l, amely c\u00e9lb\u00f3l gy\u0171jt\u00f6tte vagy kezelte, (ii) \u00d6n a hozz\u00e1j\u00e1rul\u00e1s\u00e1t visszavonta (hozz\u00e1j\u00e1rul\u00e1son alapul\u00f3 adatkezel\u00e9s eset\u00e9n) \u00e9s az adatkezel\u00e9snek nincs m\u00e1s jogalapja, (iii) \u00d6n tiltakozik az adatkezel\u00e9s ellen a saj\u00e1t helyzet\u00e9vel kapcsolatos okb\u00f3l \u00e9s nincs els\u0151bbs\u00e9get \u00e9lvez\u0151 jogszer\u0171 ok az adatkezel\u00e9sre vagy \u00d6n a k\u00f6zvetlen \u00fczletszerz\u00e9s c\u00e9lj\u00e1b\u00f3l t\u00f6rt\u00e9n\u0151 adatkezel\u00e9s ellen tiltakozik, (iv) a szem\u00e9lyes adatait jogellenesen kezelt\u00e9k, (v) Nagy Krisztina e.v. jogi k\u00f6telezetts\u00e9ge teljes\u00edt\u00e9s\u00e9hez k\u00f6teles a szem\u00e9lyes adatokat t\u00f6r\u00f6lni vagy (vi) a szem\u00e9lyes adatokat gy\u0171jt\u00e9s\u00e9re a k\u00f6zvetlen\u00fcl gyermekeknek k\u00edn\u00e1lt inform\u00e1ci\u00f3s t\u00e1rsadalommal \u00f6sszef\u00fcgg\u0151 szolg\u00e1ltat\u00e1sok k\u00edn\u00e1l\u00e1s\u00e1val kapcsolatosan ker\u00fcl sor. Nagy Krisztina e.v. a szem\u00e9lyes adatokat nem t\u00f6rli, ha az adatkezel\u00e9s a (i) a v\u00e9lem\u00e9nynyilv\u00e1n\u00edt\u00e1s szabads\u00e1g\u00e1hoz \u00e9s a t\u00e1j\u00e9koz\u00f3d\u00e1shoz val\u00f3 jog gyakorl\u00e1sa c\u00e9lj\u00e1b\u00f3l, (ii) a szem\u00e9lyes adatok kezel\u00e9s\u00e9t el\u0151\u00edr\u00f3, Nagy Krisztina e.v.-re alkalmazand\u00f3 jogi k\u00f6telezetts\u00e9g teljes\u00edt\u00e9se, illetve k\u00f6z\u00e9rdekb\u0151l vagy Nagy Krisztina e.v.-re ruh\u00e1zott k\u00f6zhatalmi jogos\u00edtv\u00e1ny gyakorl\u00e1sa keret\u00e9ben v\u00e9gzett feladat v\u00e9grehajt\u00e1sa c\u00e9lj\u00e1b\u00f3l, (iii) a n\u00e9peg\u00e9szs\u00e9g\u00fcgy ter\u00fclet\u00e9t \u00e9rint\u0151 k\u00f6z\u00e9rdek alapj\u00e1n, (iv) k\u00f6z\u00e9rdek\u0171 archiv\u00e1l\u00e1s c\u00e9lj\u00e1b\u00f3l, tudom\u00e1nyos \u00e9s t\u00f6rt\u00e9nelmi kutat\u00e1si c\u00e9lb\u00f3l vagy statisztikai c\u00e9lb\u00f3l (amennyiben a t\u00f6rl\u00e9shez val\u00f3 jog val\u00f3sz\u00edn\u0171s\u00edthet\u0151en lehetetlenn\u00e9 tenn\u00e9 vagy komolyan vesz\u00e9lyeztetn\u00e9 ezt az adatkezel\u00e9st), illet\u0151leg (v) jogi ig\u00e9nyek el\u0151terjeszt\u00e9s\u00e9hez, \u00e9rv\u00e9nyes\u00edt\u00e9s\u00e9hez, illetve v\u00e9delm\u00e9hez sz\u00fcks\u00e9ges. Ha Nagy Krisztina e.v.nyilv\u00e1noss\u00e1gra hozta a szem\u00e9lyes adatokat \u00e9s azt t\u00f6r\u00f6lni k\u00f6teles, akkor megtesz minden t\u0151le elv\u00e1rhat\u00f3t annak \u00e9rdek\u00e9ben, hogy t\u00e1j\u00e9koztassa a szem\u00e9lyes adatot kezel\u0151ket, hogy \u00d6n k\u00e9relmezte t\u0151l\u00fck az adott szem\u00e9lyes adatokra mutat\u00f3 linkek vagy a szem\u00e9lyes adatok m\u00e1solat\u00e1nak, illetve m\u00e1sodp\u00e9ld\u00e1ny\u00e1nak t\u00f6rl\u00e9s\u00e9t.<\/li>\n\n\n\n<li class=\"has-small-font-size\"><strong>Adatkezel\u00e9s korl\u00e1toz\u00e1s\u00e1hoz val\u00f3 jog<\/strong><br>\u00d6n k\u00e9rheti Nagy Krisztina e.v.-t, hogy korl\u00e1tozza az adatkezel\u00e9st. Az adatkezel\u00e9s korl\u00e1toz\u00e1sa eset\u00e9n Nagy Krisztina e.v. a szem\u00e9lyes adatok t\u00e1rol\u00e1sa kiv\u00e9tel\u00e9vel csak az \u00d6n hozz\u00e1j\u00e1rul\u00e1s\u00e1val vagy jogi ig\u00e9nyek el\u0151terjeszt\u00e9s\u00e9hez, \u00e9rv\u00e9nyes\u00edt\u00e9s\u00e9hez vagy v\u00e9delm\u00e9hez vagy m\u00e1s szem\u00e9ly jogainak v\u00e9delme \u00e9rdek\u00e9ben vagy az Eur\u00f3pai Uni\u00f3, illetve valamely tag\u00e1llam fontos k\u00f6z\u00e9rdek\u00e9b\u0151l kezelheti. \u00d6n a szem\u00e9lyes adatok kezel\u00e9s\u00e9nek korl\u00e1toz\u00e1s\u00e1t k\u00e9rheti, ha (i) \u00d6n vitatja a szem\u00e9lyes adatok pontoss\u00e1g\u00e1t, (ii) az adatkezel\u00e9s jogellenes, \u00d6n a szem\u00e9lyes adatok t\u00f6rl\u00e9s\u00e9t ellenzi, (iii) Nagy Krisztina e.v.-nek a szem\u00e9lyes adatokra adatkezel\u00e9s c\u00e9lj\u00e1b\u00f3l nincs sz\u00fcks\u00e9ge, azonban \u00d6n jogi ig\u00e9nyek el\u0151terjeszt\u00e9s\u00e9hez, \u00e9rv\u00e9nyes\u00edt\u00e9s\u00e9hez vagy v\u00e9delm\u00e9hez a szem\u00e9lyes adatok korl\u00e1toz\u00e1s\u00e1t ig\u00e9nyli vagy (iv) \u00d6n tiltakozik az adatkezel\u00e9s ellen a saj\u00e1t helyzet\u00e9vel kapcsolatos okb\u00f3l. Nagy Krisztina e.v. az adatkezel\u00e9s korl\u00e1toz\u00e1s\u00e1nak felold\u00e1s\u00e1r\u00f3l t\u00e1j\u00e9koztatja \u00d6nt a felold\u00e1st megel\u0151z\u0151en.<\/li>\n<\/ul>\n\n\n\n<ol start=\"7\" class=\"wp-block-list\">\n<li class=\"has-small-font-size\"><strong>Jogs\u00e9rt\u00e9s eset\u00e9n tehet\u0151 l\u00e9p\u00e9sek<br><\/strong>\n<ul class=\"wp-block-list\">\n<li>Ha \u00fagy gondolja, hogy Nagy Krisztina e.v. megs\u00e9rtette a jogait a szem\u00e9lyes adatok kezel\u00e9se sor\u00e1n, akkor l\u00e9pjen vel\u00fcnk kapcsolatba a k\u00f6vetkez\u0151 e-mail c\u00edmen: nagykrisztina@protonmail.com.<\/li>\n\n\n\n<li>A szem\u00e9lyes adataira vonatkoz\u00f3 jogainak megs\u00e9rt\u00e9se eset\u00e9n panaszt ny\u00fajthat be a hat\u00f3s\u00e1ghoz az al\u00e1bbi el\u00e9rhet\u0151s\u00e9gen: Nemzeti Adatv\u00e9delmi \u00e9s Inform\u00e1ci\u00f3szabads\u00e1g Hat\u00f3s\u00e1g<br>Levelez\u00e9si c\u00edm: &nbsp;&nbsp;&nbsp;&nbsp;&nbsp;&nbsp;&nbsp; &nbsp;&nbsp;&nbsp;&nbsp;&nbsp;&nbsp;&nbsp;&nbsp;&nbsp;&nbsp;&nbsp;&nbsp;&nbsp;&nbsp;&nbsp; 1530 Budapest, Pf.: 5.<br>C\u00edm: &nbsp;&nbsp;&nbsp;&nbsp;&nbsp;&nbsp;&nbsp;&nbsp;&nbsp;&nbsp;&nbsp;&nbsp;&nbsp;&nbsp;&nbsp;&nbsp;&nbsp;&nbsp;&nbsp;&nbsp;&nbsp;&nbsp;&nbsp;&nbsp;&nbsp;&nbsp;&nbsp; &nbsp;&nbsp;&nbsp;&nbsp;&nbsp;&nbsp;&nbsp;&nbsp;&nbsp;&nbsp;&nbsp;&nbsp;&nbsp;&nbsp;&nbsp; 1125 Budapest, Szil\u00e1gyi Erzs\u00e9bet fasor 22\/c<br>Telefon: &nbsp;&nbsp;&nbsp;&nbsp;&nbsp;&nbsp;&nbsp;&nbsp;&nbsp;&nbsp;&nbsp;&nbsp;&nbsp;&nbsp;&nbsp;&nbsp;&nbsp;&nbsp;&nbsp;&nbsp;&nbsp; &nbsp;&nbsp;&nbsp;&nbsp;&nbsp;&nbsp;&nbsp;&nbsp;&nbsp;&nbsp;&nbsp;&nbsp;&nbsp;&nbsp;&nbsp; +36 (1) 391-1400<br>Fax: &nbsp;&nbsp;&nbsp;&nbsp;&nbsp;&nbsp;&nbsp;&nbsp;&nbsp;&nbsp;&nbsp;&nbsp;&nbsp;&nbsp;&nbsp;&nbsp;&nbsp;&nbsp;&nbsp;&nbsp;&nbsp;&nbsp;&nbsp;&nbsp;&nbsp;&nbsp;&nbsp;&nbsp; &nbsp;&nbsp;&nbsp;&nbsp;&nbsp;&nbsp;&nbsp;&nbsp;&nbsp;&nbsp;&nbsp;&nbsp;&nbsp;&nbsp;&nbsp; +36 (1) 391-1410<br>E-mail c\u00edm: &nbsp;&nbsp;&nbsp;&nbsp;&nbsp;&nbsp;&nbsp;&nbsp;&nbsp;&nbsp;&nbsp;&nbsp;&nbsp;&nbsp; &nbsp;&nbsp;&nbsp;&nbsp;&nbsp;&nbsp;&nbsp;&nbsp;&nbsp;&nbsp;&nbsp;&nbsp;&nbsp;&nbsp;&nbsp;&nbsp;ugyfelszolgalat@naih.hu.<\/li>\n<\/ul>\n<\/li>\n<\/ol>\n\n\n\n<ul class=\"wp-block-list\">\n<li class=\"has-small-font-size\">Szem\u00e9lyes adatait kezel\u00e9se sor\u00e1n t\u00f6rt\u00e9n\u0151 jogs\u00e9rt\u00e9s eset\u00e9n b\u00edr\u00f3s\u00e1ghoz is fordulhat.<\/li>\n<\/ul>\n\n\n\n<p><\/p>","protected":false},"excerpt":{"rendered":"<p>A&nbsp;Nagy Krisztina egy\u00e9ni v\u00e1llalkoz\u00f3&nbsp;(sz\u00e9khely: 4251 Hajd\u00fas\u00e1mson, Sz\u0171cs utca 88 1a.; nyilv\u00e1ntart\u00e1si sz\u00e1m: 60770819; e-mail c\u00edm: nagykrisztina@protonmail.com, skyplan.hu@gmail.com; telefonsz\u00e1m: +36 70&nbsp;369 4155)&nbsp;2025. okt\u00f3ber 29. napj\u00e1t\u00f3l kezd\u0151d\u0151en&nbsp;a jelen adatkezel\u00e9si t\u00e1j\u00e9koztat\u00f3ban foglalt rendelkez\u00e9sek szerint kezeli az \u00d6n nev\u00e9t \u00e9s e-mail c\u00edm\u00e9t, amelyeket \u00d6n a https:\/\/skyplan.hu&nbsp;honlapon a kapcsolati \u0171rlap kit\u00f6lt\u00e9se sor\u00e1n adott meg. A kapcsolati \u0171rlap kit\u00f6lt\u00e9se sor\u00e1n megadott e-mail c\u00edm kezel\u00e9s\u00e9re Nagy Krisztina egy\u00e9ni v\u00e1llalkoz\u00f3&nbsp;(sz\u00e9khely: 4251 Hajd\u00fas\u00e1mson, Sz\u0171cs [&hellip;]<\/p>\n","protected":false},"author":1,"featured_media":0,"parent":0,"menu_order":0,"comment_status":"closed","ping_status":"closed","template":"page-notitle","meta":{"footnotes":""},"class_list":["post-92","page","type-page","status-publish","hentry"],"_links":{"self":[{"href":"https:\/\/skyplan.hu\/en\/wp-json\/wp\/v2\/pages\/92","targetHints":{"allow":["GET"]}}],"collection":[{"href":"https:\/\/skyplan.hu\/en\/wp-json\/wp\/v2\/pages"}],"about":[{"href":"https:\/\/skyplan.hu\/en\/wp-json\/wp\/v2\/types\/page"}],"author":[{"embeddable":true,"href":"https:\/\/skyplan.hu\/en\/wp-json\/wp\/v2\/users\/1"}],"replies":[{"embeddable":true,"href":"https:\/\/skyplan.hu\/en\/wp-json\/wp\/v2\/comments?post=92"}],"version-history":[{"count":14,"href":"https:\/\/skyplan.hu\/en\/wp-json\/wp\/v2\/pages\/92\/revisions"}],"predecessor-version":[{"id":156,"href":"https:\/\/skyplan.hu\/en\/wp-json\/wp\/v2\/pages\/92\/revisions\/156"}],"wp:attachment":[{"href":"https:\/\/skyplan.hu\/en\/wp-json\/wp\/v2\/media?parent=92"}],"curies":[{"name":"wp","href":"https:\/\/api.w.org\/{rel}","templated":true}]}}